{"id":2766,"date":"2023-01-17T15:27:46","date_gmt":"2023-01-17T15:27:46","guid":{"rendered":"https:\/\/event.ml-eu.com\/?page_id=2766"},"modified":"2023-01-19T10:39:17","modified_gmt":"2023-01-19T10:39:17","slug":"nos-athletes","status":"publish","type":"page","link":"https:\/\/event.ml-eu.com\/index.php\/nos-athletes\/","title":{"rendered":"Nos athl\u00e8tes"},"content":{"rendered":"\n<div class=\"wp-block-uagb-advanced-heading uagb-block-60a270e3\"><h2 class=\"uagb-heading-text\">Portraits de nos athl\u00e8tes <\/h2><\/div>\n\n\n\n<div style=\"height:106px\" aria-hidden=\"true\" class=\"wp-block-spacer\"><\/div>\n\n\n\n<div class=\"wp-container-3 wp-block-columns has-background\" style=\"background-color:#00000012;border-radius:45px\">\n<div class=\"wp-container-1 wp-block-column\" style=\"flex-basis:33.33%\">\n<figure class=\"wp-block-image size-large is-resized is-style-default\" style=\"border-radius:45px\"><img loading=\"lazy\" src=\"https:\/\/event.ml-eu.com\/wp-content\/uploads\/2023\/01\/post-sebastien-1024x1024.jpg\" alt=\"\" class=\"wp-image-2678\" width=\"334\" height=\"334\" srcset=\"https:\/\/event.ml-eu.com\/wp-content\/uploads\/2023\/01\/post-sebastien-1024x1024.jpg 1024w, https:\/\/event.ml-eu.com\/wp-content\/uploads\/2023\/01\/post-sebastien-300x300.jpg 300w, https:\/\/event.ml-eu.com\/wp-content\/uploads\/2023\/01\/post-sebastien-150x150.jpg 150w, https:\/\/event.ml-eu.com\/wp-content\/uploads\/2023\/01\/post-sebastien-768x768.jpg 768w, https:\/\/event.ml-eu.com\/wp-content\/uploads\/2023\/01\/post-sebastien.jpg 1080w\" sizes=\"(max-width: 334px) 100vw, 334px\" \/><\/figure>\n<\/div>\n\n\n\n<div class=\"wp-container-2 wp-block-column\" style=\"flex-basis:66.66%\">\n<p><\/p>\n\n\n\n<p class=\"has-ast-global-color-2-color has-text-color\"><strong>Portrait de S\u00e9bastien Husser, joueur et co-organisateur du Tournoi International Exhibition de Padel-Fauteuil \ud83e\udde1 :<\/strong><\/p>\n\n\n\n<p class=\"has-ast-global-color-2-color has-text-color\">S\u00e9bastien Husser d\u00e9bute le tennis \u00e0 l\u2019\u00e2ge de 6 ans et n\u2019a jamais arr\u00eat\u00e9 malgr\u00e9 son accident qui le rendra parapl\u00e9gique \u00e0 20 ans. Il atteint la 15\u00e8me place mondiale et est aujourd\u2019hui le 5\u00e8me joueur fran\u00e7ais ! En 2014 il d\u00e9couvre le padel-fauteuil, un vrai coup de foudre et en 2022 il nous a fait l\u2019honneur de co-organiser l\u2019\u00e9v\u00e8nement et d\u2019y participer en tant que joueur. \ud83d\ude01\ud83c\udfc6<br><\/p>\n<\/div>\n<\/div>\n\n\n\n<div style=\"height:51px\" aria-hidden=\"true\" class=\"wp-block-spacer\"><\/div>\n\n\n\n<div class=\"wp-container-6 wp-block-columns has-background\" style=\"background-color:#00000012;border-radius:45px\">\n<div class=\"wp-container-4 wp-block-column\" style=\"flex-basis:66.66%\">\n<p class=\"has-ast-global-color-2-color has-text-color\"><strong>Portrait d&rsquo;I\u00f1aki Ramperez, champion d\u2019Espagne de Padel-Fauteuil \ud83d\udc9c :<\/strong><\/p>\n\n\n\n<p class=\"has-ast-global-color-2-color has-text-color\">I\u00f1aki souffre d&rsquo;une l\u00e9sion m\u00e9dullaire caus\u00e9e par un accident du travail depuis plus de 19 ans. Depuis, le sport a \u00e9t\u00e9 sa plus grande source d&rsquo;\u00e9chappement, l\u00e0 o\u00f9 les douleurs et autres soucis disparaissent.Il fait de la comp\u00e9tition de Padel-Fauteuil depuis plus de 8 ans en Espagne. Actuellement et en tant que joueur de Kuikma il est double champion de Madrid et champion d&rsquo;Espagne avec l&rsquo;\u00e9quipe de Madrid. Avec&nbsp;Marcos Cambronero, ils forment le couple num\u00e9ro 4 du classement. Pour la saison 2021\/22 ils ont r\u00e9ussi \u00e0 atteindre une finale \u00e0 Bilbao et 11 demi-finales. Sa devise est \u00ab\u00a0il est tr\u00e8s difficile de battre quelqu&rsquo;un qui n&rsquo;abandonne jamais\u00a0\u00bb travail, passion et pers\u00e9v\u00e9rance.<\/p>\n<\/div>\n\n\n\n<div class=\"wp-container-5 wp-block-column\" style=\"flex-basis:33.33%\">\n<div style=\"height:2px\" aria-hidden=\"true\" class=\"wp-block-spacer\"><\/div>\n\n\n\n<figure class=\"wp-block-image size-large is-resized\" style=\"border-radius:45px\"><img loading=\"lazy\" src=\"https:\/\/event.ml-eu.com\/wp-content\/uploads\/2023\/01\/portait-inaki-1-1024x1024.jpg\" alt=\"\" class=\"wp-image-2769\" width=\"352\" height=\"352\" srcset=\"https:\/\/event.ml-eu.com\/wp-content\/uploads\/2023\/01\/portait-inaki-1-1024x1024.jpg 1024w, https:\/\/event.ml-eu.com\/wp-content\/uploads\/2023\/01\/portait-inaki-1-300x300.jpg 300w, https:\/\/event.ml-eu.com\/wp-content\/uploads\/2023\/01\/portait-inaki-1-150x150.jpg 150w, https:\/\/event.ml-eu.com\/wp-content\/uploads\/2023\/01\/portait-inaki-1-768x768.jpg 768w, https:\/\/event.ml-eu.com\/wp-content\/uploads\/2023\/01\/portait-inaki-1.jpg 1080w\" sizes=\"(max-width: 352px) 100vw, 352px\" \/><\/figure>\n<\/div>\n<\/div>\n\n\n\n<div style=\"height:51px\" aria-hidden=\"true\" class=\"wp-block-spacer\"><\/div>\n\n\n\n<div class=\"wp-container-9 wp-block-columns has-background\" style=\"background-color:#00000012;border-radius:45px\">\n<div class=\"wp-container-7 wp-block-column\" style=\"flex-basis:33.33%\">\n<figure class=\"wp-block-image size-large is-resized\" style=\"border-radius:45px\"><img loading=\"lazy\" src=\"https:\/\/event.ml-eu.com\/wp-content\/uploads\/2023\/01\/alvaro-1-1024x1024.jpg\" alt=\"\" class=\"wp-image-2776\" width=\"333\" height=\"333\" srcset=\"https:\/\/event.ml-eu.com\/wp-content\/uploads\/2023\/01\/alvaro-1-1024x1024.jpg 1024w, https:\/\/event.ml-eu.com\/wp-content\/uploads\/2023\/01\/alvaro-1-300x300.jpg 300w, https:\/\/event.ml-eu.com\/wp-content\/uploads\/2023\/01\/alvaro-1-150x150.jpg 150w, https:\/\/event.ml-eu.com\/wp-content\/uploads\/2023\/01\/alvaro-1-768x768.jpg 768w, https:\/\/event.ml-eu.com\/wp-content\/uploads\/2023\/01\/alvaro-1.jpg 1080w\" sizes=\"(max-width: 333px) 100vw, 333px\" \/><\/figure>\n<\/div>\n\n\n\n<div class=\"wp-container-8 wp-block-column\" style=\"flex-basis:66.66%\">\n<p><\/p>\n\n\n\n<p class=\"has-text-align-left has-ast-global-color-2-color has-text-color\"><strong>Portrait d\u2019Alvaro Garmilla, multiple champion de Padel Fauteuil \ud83e\udde1:<\/strong><\/p>\n\n\n\n<p class=\"has-text-align-left has-ast-global-color-2-color has-text-color\">Alvaro Garmilla est un joueur espagnol de padel fauteuil, il vient de Valladolid mais           vit \u00e0 Madrid depuis 5 ans. Il a 38 ans et joue au padel depuis plus de 20 ans mais il y a 8 ans il a eu un accident de la route et joue maintenant au padel en fauteuil roulant depuis 6 ans. Il joue en position de joueur de revers. C\u2019est un joueur&nbsp;NOX&nbsp;. Actuellement il fait partie du couple num\u00e9ro 3 du classement espagnol, il est champion d&rsquo;Espagne avec l&rsquo;\u00e9quipe de Madrid et est champion de la communaut\u00e9 de Madrid. Vamos Varo !<br><\/p>\n<\/div>\n<\/div>\n\n\n\n<div style=\"height:51px\" aria-hidden=\"true\" class=\"wp-block-spacer\"><\/div>\n\n\n\n<div class=\"wp-container-12 wp-block-columns has-background\" style=\"background-color:#00000012;border-radius:45px\">\n<div class=\"wp-container-10 wp-block-column\" style=\"flex-basis:66.66%\">\n<p class=\"has-ast-global-color-2-color has-text-color\"><strong>Portrait de Fr\u00e9d\u00e9ric Cattaneo, joueur olympique de Tennis-Fauteuil \ud83d\udc99:<\/strong><\/p>\n\n\n\n<p class=\"has-ast-global-color-2-color has-text-color\">Fr\u00e9d\u00e9ric Cattaneo, 42 ans, est joueur de para tennis depuis 2004 et Manceau \ud83e\udd29. Il est actuellement class\u00e9 3\u00e8me fran\u00e7ais, 18\u00e8me mondial en simple, 17\u00e8me mondial en double et membre de l&rsquo;\u00e9quipe de France. Son palmar\u00e8s est impressionnant puisqu\u2019il \u00e0 obtenu 6 titres de champion du monde, 1 titre de champion de France, 3 s\u00e9lections aux jeux paralympiques (Londres en 2012, Rio en 2016 et Tokyo en 2020) avec une m\u00e9daille d&rsquo;argent en double \u00e0 Londres. Il a particip\u00e9 \u00e0 diff\u00e9rents tournois du grand chelem avec un titre en double \u00e0 Roland Garros. Il a \u00e9galement plusieurs titres en simple et double sur diff\u00e9rents tournois internationaux. Son objectif est, \u00e0 court terme, de se s\u00e9lectionner pour la 4e fois aux jeux paralympiques car en plus, en 2024, \u00e7a sera \u00e0 Paris ! \ud83d\ude04<\/p>\n<\/div>\n\n\n\n<div class=\"wp-container-11 wp-block-column\" style=\"flex-basis:33.33%\">\n<div style=\"height:7px\" aria-hidden=\"true\" class=\"wp-block-spacer\"><\/div>\n\n\n\n<figure class=\"wp-block-image size-large is-resized\" style=\"border-radius:45px\"><img loading=\"lazy\" src=\"https:\/\/event.ml-eu.com\/wp-content\/uploads\/2023\/01\/portait-1024x1024.jpg\" alt=\"\" class=\"wp-image-2781\" width=\"357\" height=\"357\" srcset=\"https:\/\/event.ml-eu.com\/wp-content\/uploads\/2023\/01\/portait-1024x1024.jpg 1024w, https:\/\/event.ml-eu.com\/wp-content\/uploads\/2023\/01\/portait-300x300.jpg 300w, https:\/\/event.ml-eu.com\/wp-content\/uploads\/2023\/01\/portait-150x150.jpg 150w, https:\/\/event.ml-eu.com\/wp-content\/uploads\/2023\/01\/portait-768x768.jpg 768w, https:\/\/event.ml-eu.com\/wp-content\/uploads\/2023\/01\/portait.jpg 1080w\" sizes=\"(max-width: 357px) 100vw, 357px\" \/><\/figure>\n<\/div>\n<\/div>\n\n\n\n<div style=\"height:51px\" aria-hidden=\"true\" class=\"wp-block-spacer\"><\/div>\n\n\n\n<div class=\"wp-container-15 wp-block-columns has-background\" style=\"background-color:#00000012;border-radius:45px\">\n<div class=\"wp-container-13 wp-block-column\" style=\"flex-basis:33.33%\">\n<div style=\"height:1px\" aria-hidden=\"true\" class=\"wp-block-spacer\"><\/div>\n\n\n\n<figure class=\"wp-block-image size-large is-resized\" style=\"border-radius:45px\"><img loading=\"lazy\" src=\"https:\/\/event.ml-eu.com\/wp-content\/uploads\/2023\/01\/robin-1024x1024.jpg\" alt=\"\" class=\"wp-image-2783\" width=\"332\" height=\"332\" srcset=\"https:\/\/event.ml-eu.com\/wp-content\/uploads\/2023\/01\/robin-1024x1024.jpg 1024w, https:\/\/event.ml-eu.com\/wp-content\/uploads\/2023\/01\/robin-300x300.jpg 300w, https:\/\/event.ml-eu.com\/wp-content\/uploads\/2023\/01\/robin-150x150.jpg 150w, https:\/\/event.ml-eu.com\/wp-content\/uploads\/2023\/01\/robin-768x768.jpg 768w, https:\/\/event.ml-eu.com\/wp-content\/uploads\/2023\/01\/robin.jpg 1080w\" sizes=\"(max-width: 332px) 100vw, 332px\" \/><\/figure>\n<\/div>\n\n\n\n<div class=\"wp-container-14 wp-block-column\" style=\"flex-basis:66.66%\">\n<p><\/p>\n\n\n\n<p class=\"has-ast-global-color-2-color has-text-color\"><strong>Portrait de Robin Ammerlaan, joueur olympique de tennis fauteuil :\ud83e\udde1<\/strong><\/p>\n\n\n\n<p class=\"has-ast-global-color-2-color has-text-color\">Robin Ammerlaan a \u00e9t\u00e9 diagnostiqu\u00e9 d\u2019un spina bifida apr\u00e8s 27 ans de difficult\u00e9s pour marcher, jouer au football, au tennis, faire de la natation. Apr\u00e8s une op\u00e9ration au dos pour r\u00e9soudre certains probl\u00e8mes nerveux et certaines complications, il a fini dans un fauteuil roulant. Il a commenc\u00e9 le tennis en fauteuil roulant en 1997, a remport\u00e9 l&rsquo;or paralympique de Sydney en 2000 en double et 4 ans plus tard l&rsquo;or en simple \u00e0 Ath\u00e8nes. Apr\u00e8s sa retraite en 2012, il a commenc\u00e9 \u00e0 entra\u00eener et \u00e0 jouer au padel (depuis environ 5 ans) pour le plaisir avec des joueurs valides.<br><\/p>\n<\/div>\n<\/div>\n\n\n\n<div style=\"height:51px\" aria-hidden=\"true\" class=\"wp-block-spacer\"><\/div>\n\n\n\n<div class=\"wp-container-18 wp-block-columns has-background\" style=\"background-color:#00000012;border-radius:45px\">\n<div class=\"wp-container-16 wp-block-column\" style=\"flex-basis:66.66%\">\n<p><\/p>\n\n\n\n<p class=\"has-ast-global-color-2-color has-text-color\"><strong>Portrait d\u2019\u00d3scar Agea, multiple champion de monde de Padel-Fauteuil \ud83d\udc99 :<\/strong><\/p>\n\n\n\n<p class=\"has-ast-global-color-2-color has-text-color\">Oscar est un joueur espagnol de padel-fauteuil depuis de nombreuses ann\u00e9es et \u00e0 \u00e9t\u00e9 num\u00e9ro un en Espagne 8 fois. Actuellement, il joue avec&nbsp;Coco Bernal et ensemble, ils sont le couple num\u00e9ro deux du classement espagnol. Son handicap est de naissance, il \u00e0 du subir une greffe de rein \u00e0 10 ans qui \u00e0 \u00e9t\u00e9 possible gr\u00e2ce \u00e0 un don de son fr\u00e8re. Du c\u00f4t\u00e9 de sa vie personnelle, sa famille tient une place tr\u00e8s importante dans son coeur, sa femme et sa fille sont les amours de sa vie. \ud83e\udd29<\/p>\n<\/div>\n\n\n\n<div class=\"wp-container-17 wp-block-column\" style=\"flex-basis:33.33%\">\n<figure class=\"wp-block-image size-large is-resized\" style=\"border-radius:45px\"><img loading=\"lazy\" src=\"https:\/\/event.ml-eu.com\/wp-content\/uploads\/2023\/01\/oscar-2-1024x1024.jpg\" alt=\"\" class=\"wp-image-2785\" width=\"352\" height=\"352\" srcset=\"https:\/\/event.ml-eu.com\/wp-content\/uploads\/2023\/01\/oscar-2-1024x1024.jpg 1024w, https:\/\/event.ml-eu.com\/wp-content\/uploads\/2023\/01\/oscar-2-300x300.jpg 300w, https:\/\/event.ml-eu.com\/wp-content\/uploads\/2023\/01\/oscar-2-150x150.jpg 150w, https:\/\/event.ml-eu.com\/wp-content\/uploads\/2023\/01\/oscar-2-768x768.jpg 768w, https:\/\/event.ml-eu.com\/wp-content\/uploads\/2023\/01\/oscar-2.jpg 1080w\" sizes=\"(max-width: 352px) 100vw, 352px\" \/><\/figure>\n<\/div>\n<\/div>\n\n\n\n<div style=\"height:51px\" aria-hidden=\"true\" class=\"wp-block-spacer\"><\/div>\n\n\n\n<div class=\"wp-container-21 wp-block-columns has-background\" style=\"background-color:#00000012;border-radius:45px\">\n<div class=\"wp-container-19 wp-block-column\" style=\"flex-basis:33.33%\">\n<figure class=\"wp-block-image size-large is-resized\" style=\"border-radius:45px\"><img loading=\"lazy\" src=\"https:\/\/event.ml-eu.com\/wp-content\/uploads\/2023\/01\/portait-stan-1-1024x1024.jpg\" alt=\"\" class=\"wp-image-2793\" width=\"323\" height=\"323\" srcset=\"https:\/\/event.ml-eu.com\/wp-content\/uploads\/2023\/01\/portait-stan-1-1024x1024.jpg 1024w, https:\/\/event.ml-eu.com\/wp-content\/uploads\/2023\/01\/portait-stan-1-300x300.jpg 300w, https:\/\/event.ml-eu.com\/wp-content\/uploads\/2023\/01\/portait-stan-1-150x150.jpg 150w, https:\/\/event.ml-eu.com\/wp-content\/uploads\/2023\/01\/portait-stan-1-768x768.jpg 768w, https:\/\/event.ml-eu.com\/wp-content\/uploads\/2023\/01\/portait-stan-1.jpg 1080w\" sizes=\"(max-width: 323px) 100vw, 323px\" \/><\/figure>\n<\/div>\n\n\n\n<div class=\"wp-container-20 wp-block-column\" style=\"flex-basis:66.66%\">\n<p><\/p>\n\n\n\n<p class=\"has-ast-global-color-2-color has-text-color\"><strong>Portrait de Stan Devriese, ex num\u00e9ro 3 mondial junior de Tennis Fauteuil \ud83d\udc99:<\/strong><\/p>\n\n\n\n<p class=\"has-ast-global-color-2-color has-text-color\">Stan est un joueur de tennis fauteuil belge de 20 ans. Il d\u00e9marre tr\u00e8s fort sa carri\u00e8re avec la victoire de 7 titres ITF ce qui le place aujourd\u2019hui en num\u00e9ro 3 mondial junior de tennis fauteuil. On \u00e9tais ravis de le voir jouer pendant le tournoi international. Allez les belges !<\/p>\n\n\n\n<p><br><\/p>\n<\/div>\n<\/div>\n\n\n\n<div style=\"height:51px\" aria-hidden=\"true\" class=\"wp-block-spacer\"><\/div>\n\n\n\n<div class=\"wp-container-24 wp-block-columns has-background\" style=\"background-color:#00000012;border-radius:45px\">\n<div class=\"wp-container-22 wp-block-column\" style=\"flex-basis:66.66%\">\n<p class=\"has-ast-global-color-2-color has-text-color\"><strong>Portrait de Fran\u00e7ois Heyraud, troisi\u00e8me joueur fran\u00e7ais de Padel-Fauteuil \ud83e\udde1:<\/strong><\/p>\n\n\n\n<p class=\"has-ast-global-color-2-color has-text-color\">Fran\u00e7ois Heyraud, 56 ans, est joueur de Tennis Fauteuil depuis le d\u00e9but des ann\u00e9es 2010 ( 18\u00e8me fran\u00e7ais au classement de juillet 2022 ), il d\u00e9couvre le Padel en 2016. Tr\u00e8s vite passionn\u00e9 il d\u00e9cide en mai 2017 d\u2019organiser un tournoi de padel fauteuil en m\u00eame temps que le tournoi international de Para tennis dont il est le Directeur, pour faire d\u00e9couvrir \u00e0 tous les joueurs sa nouvelle passion. Apr\u00e8s avoir \u00ab souffl\u00e9 \u00e0 l\u2019oreille de la FFT \u00bb d\u2019utiliser le r\u00e8glement espagnol pour organiser des tournois homologu\u00e9s en France , il lance en f\u00e9vrier 2022 le premier tournoi de padel fauteuil officiellement homologu\u00e9 par la f\u00e9d\u00e9ration Fran\u00e7aise de tennis. A l&rsquo;issue des 5 premiers tournois Fran\u00e7ais, Fran\u00e7ois se situe \u00e0 la 3\u00e8me place du classement. Son but est d\u2019aider activement au d\u00e9veloppement du padel fauteuil en France et de permettre , \u00e0 l\u2019instar du tennis, l\u2019internationalisation des tournois.<\/p>\n<\/div>\n\n\n\n<div class=\"wp-container-23 wp-block-column\" style=\"flex-basis:33.33%\">\n<div style=\"height:8px\" aria-hidden=\"true\" class=\"wp-block-spacer\"><\/div>\n\n\n\n<figure class=\"wp-block-image size-large is-resized\" style=\"border-radius:45px\"><img loading=\"lazy\" src=\"https:\/\/event.ml-eu.com\/wp-content\/uploads\/2023\/01\/portait-joueur-1024x1024.jpg\" alt=\"\" class=\"wp-image-2796\" width=\"360\" height=\"360\" srcset=\"https:\/\/event.ml-eu.com\/wp-content\/uploads\/2023\/01\/portait-joueur-1024x1024.jpg 1024w, https:\/\/event.ml-eu.com\/wp-content\/uploads\/2023\/01\/portait-joueur-300x300.jpg 300w, https:\/\/event.ml-eu.com\/wp-content\/uploads\/2023\/01\/portait-joueur-150x150.jpg 150w, https:\/\/event.ml-eu.com\/wp-content\/uploads\/2023\/01\/portait-joueur-768x768.jpg 768w, https:\/\/event.ml-eu.com\/wp-content\/uploads\/2023\/01\/portait-joueur.jpg 1080w\" sizes=\"(max-width: 360px) 100vw, 360px\" \/><\/figure>\n<\/div>\n<\/div>\n\n\n\n<div style=\"height:51px\" aria-hidden=\"true\" class=\"wp-block-spacer\"><\/div>\n\n\n\n<div class=\"wp-container-27 wp-block-columns has-background\" style=\"background-color:#00000012;border-radius:45px\">\n<div class=\"wp-container-25 wp-block-column\" style=\"flex-basis:33.33%\">\n<div style=\"height:8px\" aria-hidden=\"true\" class=\"wp-block-spacer\"><\/div>\n\n\n\n<figure class=\"wp-block-image size-large is-resized\" style=\"border-radius:45px\"><img loading=\"lazy\" src=\"https:\/\/event.ml-eu.com\/wp-content\/uploads\/2023\/01\/matthias-1024x1024.jpg\" alt=\"\" class=\"wp-image-2798\" width=\"334\" height=\"334\" srcset=\"https:\/\/event.ml-eu.com\/wp-content\/uploads\/2023\/01\/matthias-1024x1024.jpg 1024w, https:\/\/event.ml-eu.com\/wp-content\/uploads\/2023\/01\/matthias-300x300.jpg 300w, https:\/\/event.ml-eu.com\/wp-content\/uploads\/2023\/01\/matthias-150x150.jpg 150w, https:\/\/event.ml-eu.com\/wp-content\/uploads\/2023\/01\/matthias-768x768.jpg 768w, https:\/\/event.ml-eu.com\/wp-content\/uploads\/2023\/01\/matthias.jpg 1080w\" sizes=\"(max-width: 334px) 100vw, 334px\" \/><\/figure>\n<\/div>\n\n\n\n<div class=\"wp-container-26 wp-block-column\" style=\"flex-basis:66.66%\">\n<p class=\"has-ast-global-color-2-color has-text-color\"><strong>Portrait de Matthias Bergs, joueur de tennis et Padel fauteuil :\ud83d\udc9c<\/strong><\/p>\n\n\n\n<p class=\"has-ast-global-color-2-color has-text-color\">Matthias Bergs est un joueur de tennis fauteuil et gestionnaire d\u2019assurance de 34 ans. Suite \u00e0 un cancer il \u00e0 \u00e9t\u00e9 amput\u00e9 de la jambe gauche \u00e0 ses 17 ans.<br>Il a d\u00e9but\u00e9 le tennis fauteuil en 2017 et il a \u00e9t\u00e9 champion de France 4\u00e8me s\u00e9rie en 2018 et 3\u00e8me en s\u00e9rie en 2022. Il a commenc\u00e9 le padel d\u2019abord debout avec sa proth\u00e8se en jouant avec ses amis, puis en fauteuil plus r\u00e9guli\u00e8rement depuis 1 an, avec d\u00e9j\u00e0 deux victoires en tournois padel \u00e0 Mulhouse et \u00e0 Dijon.<br>Le padel est devenu une passion d\u00e9vorante pour lui et qu\u2019il partage avec mes amis et sa famille.<\/p>\n\n\n\n<p><br><\/p>\n<\/div>\n<\/div>\n\n\n\n<div style=\"height:51px\" aria-hidden=\"true\" class=\"wp-block-spacer\"><\/div>\n\n\n\n<div class=\"wp-block-uagb-advanced-heading uagb-block-6bd75644\"><h2 class=\"uagb-heading-text\"><strong>\ud83e\udde1<\/strong>Sans oublier <strong>\ud83d\udc9c<\/strong><\/h2><\/div>\n\n\n\n<p class=\"has-text-align-center has-ast-global-color-2-color has-text-color has-medium-font-size\"><strong>Coco Bernal, Marcos Cambronero, Victor Carreton, Alberto Estebaran, Ruben de Diego, Toon Berkelmans, Nicolas Vanlerberghe, Gert Vos, Dorian Navarro, Bruno Cat, Emmanuel Everaert, St\u00e9phane Goudou, Thierry Vuillet, Serge Mabally et Pierre-Jean Gautron.<\/strong><\/p>\n\n\n\n<div style=\"height:51px\" aria-hidden=\"true\" class=\"wp-block-spacer\"><\/div>\n\n\n\n<ul class=\"wp-container-28 is-content-justification-center wp-block-social-links has-large-icon-size has-visible-labels has-icon-color has-icon-background-color is-style-pill-shape\"><li style=\"color: var(--ast-global-color-4); background-color: var(--ast-global-color-1); \" class=\"wp-social-link wp-social-link-instagram wp-block-social-link\"><a href=\"https:\/\/www.instagram.com\/missinglinksport\/\" rel=\"noopener nofollow\" target=\"_blank\" class=\"wp-block-social-link-anchor\"><svg width=\"24\" height=\"24\" viewBox=\"0 0 24 24\" version=\"1.1\" xmlns=\"http:\/\/www.w3.org\/2000\/svg\" aria-hidden=\"true\" focusable=\"false\"><path d=\"M12,4.622c2.403,0,2.688,0.009,3.637,0.052c0.877,0.04,1.354,0.187,1.671,0.31c0.42,0.163,0.72,0.358,1.035,0.673 c0.315,0.315,0.51,0.615,0.673,1.035c0.123,0.317,0.27,0.794,0.31,1.671c0.043,0.949,0.052,1.234,0.052,3.637 s-0.009,2.688-0.052,3.637c-0.04,0.877-0.187,1.354-0.31,1.671c-0.163,0.42-0.358,0.72-0.673,1.035 c-0.315,0.315-0.615,0.51-1.035,0.673c-0.317,0.123-0.794,0.27-1.671,0.31c-0.949,0.043-1.233,0.052-3.637,0.052 s-2.688-0.009-3.637-0.052c-0.877-0.04-1.354-0.187-1.671-0.31c-0.42-0.163-0.72-0.358-1.035-0.673 c-0.315-0.315-0.51-0.615-0.673-1.035c-0.123-0.317-0.27-0.794-0.31-1.671C4.631,14.688,4.622,14.403,4.622,12 s0.009-2.688,0.052-3.637c0.04-0.877,0.187-1.354,0.31-1.671c0.163-0.42,0.358-0.72,0.673-1.035 c0.315-0.315,0.615-0.51,1.035-0.673c0.317-0.123,0.794-0.27,1.671-0.31C9.312,4.631,9.597,4.622,12,4.622 M12,3 C9.556,3,9.249,3.01,8.289,3.054C7.331,3.098,6.677,3.25,6.105,3.472C5.513,3.702,5.011,4.01,4.511,4.511 c-0.5,0.5-0.808,1.002-1.038,1.594C3.25,6.677,3.098,7.331,3.054,8.289C3.01,9.249,3,9.556,3,12c0,2.444,0.01,2.751,0.054,3.711 c0.044,0.958,0.196,1.612,0.418,2.185c0.23,0.592,0.538,1.094,1.038,1.594c0.5,0.5,1.002,0.808,1.594,1.038 c0.572,0.222,1.227,0.375,2.185,0.418C9.249,20.99,9.556,21,12,21s2.751-0.01,3.711-0.054c0.958-0.044,1.612-0.196,2.185-0.418 c0.592-0.23,1.094-0.538,1.594-1.038c0.5-0.5,0.808-1.002,1.038-1.594c0.222-0.572,0.375-1.227,0.418-2.185 C20.99,14.751,21,14.444,21,12s-0.01-2.751-0.054-3.711c-0.044-0.958-0.196-1.612-0.418-2.185c-0.23-0.592-0.538-1.094-1.038-1.594 c-0.5-0.5-1.002-0.808-1.594-1.038c-0.572-0.222-1.227-0.375-2.185-0.418C14.751,3.01,14.444,3,12,3L12,3z M12,7.378 c-2.552,0-4.622,2.069-4.622,4.622S9.448,16.622,12,16.622s4.622-2.069,4.622-4.622S14.552,7.378,12,7.378z M12,15 c-1.657,0-3-1.343-3-3s1.343-3,3-3s3,1.343,3,3S13.657,15,12,15z M16.804,6.116c-0.596,0-1.08,0.484-1.08,1.08 s0.484,1.08,1.08,1.08c0.596,0,1.08-0.484,1.08-1.08S17.401,6.116,16.804,6.116z\"><\/path><\/svg><span class=\"wp-block-social-link-label\">Instagram<\/span><\/a><\/li>\n\n<li style=\"color: var(--ast-global-color-4); background-color: var(--ast-global-color-1); \" class=\"wp-social-link wp-social-link-linkedin wp-block-social-link\"><a href=\"https:\/\/www.linkedin.com\/company\/missing-link-sport\/\" rel=\"noopener nofollow\" target=\"_blank\" class=\"wp-block-social-link-anchor\"><svg width=\"24\" height=\"24\" viewBox=\"0 0 24 24\" version=\"1.1\" xmlns=\"http:\/\/www.w3.org\/2000\/svg\" aria-hidden=\"true\" focusable=\"false\"><path d=\"M19.7,3H4.3C3.582,3,3,3.582,3,4.3v15.4C3,20.418,3.582,21,4.3,21h15.4c0.718,0,1.3-0.582,1.3-1.3V4.3 C21,3.582,20.418,3,19.7,3z M8.339,18.338H5.667v-8.59h2.672V18.338z M7.004,8.574c-0.857,0-1.549-0.694-1.549-1.548 c0-0.855,0.691-1.548,1.549-1.548c0.854,0,1.547,0.694,1.547,1.548C8.551,7.881,7.858,8.574,7.004,8.574z M18.339,18.338h-2.669 v-4.177c0-0.996-0.017-2.278-1.387-2.278c-1.389,0-1.601,1.086-1.601,2.206v4.249h-2.667v-8.59h2.559v1.174h0.037 c0.356-0.675,1.227-1.387,2.526-1.387c2.703,0,3.203,1.779,3.203,4.092V18.338z\"><\/path><\/svg><span class=\"wp-block-social-link-label\">LinkedIn<\/span><\/a><\/li><\/ul>\n","protected":false},"excerpt":{"rendered":"<p>Portrait de S\u00e9bastien Husser, joueur et co-organisateur du Tournoi International Exhibition de Padel-Fauteuil \ud83e\udde1 : S\u00e9bastien Husser d\u00e9bute le tennis \u00e0 l\u2019\u00e2ge de 6 ans et n\u2019a jamais arr\u00eat\u00e9 malgr\u00e9 son accident qui le rendra parapl\u00e9gique \u00e0 20 ans. Il atteint la 15\u00e8me place mondiale et est aujourd\u2019hui le 5\u00e8me joueur fran\u00e7ais ! En 2014 &hellip;<\/p>\n<p class=\"read-more\"> <a class=\"\" href=\"https:\/\/event.ml-eu.com\/index.php\/nos-athletes\/\"> <span class=\"screen-reader-text\">Nos athl\u00e8tes<\/span> Lire la suite\u00a0\u00bb<\/a><\/p>\n","protected":false},"author":3,"featured_media":0,"parent":0,"menu_order":0,"comment_status":"closed","ping_status":"closed","template":"","meta":{"_eb_attr":"","om_disable_all_campaigns":false,"_uag_custom_page_level_css":"","_monsterinsights_skip_tracking":false,"_monsterinsights_sitenote_active":false,"_monsterinsights_sitenote_note":"","_monsterinsights_sitenote_category":0,"site-sidebar-layout":"default","site-content-layout":"default","ast-global-header-display":"","ast-main-header-display":"","ast-hfb-above-header-display":"","ast-hfb-below-header-display":"","ast-hfb-mobile-header-display":"","site-post-title":"disabled","ast-breadcrumbs-content":"","ast-featured-img":"","footer-sml-layout":"","theme-transparent-header-meta":"","adv-header-id-meta":"","stick-header-meta":"","header-above-stick-meta":"","header-main-stick-meta":"","header-below-stick-meta":""},"aioseo_notices":[],"uagb_featured_image_src":{"full":false,"thumbnail":false,"medium":false,"medium_large":false,"large":false,"1536x1536":false,"2048x2048":false},"uagb_author_info":{"display_name":"Albane Rudd","author_link":"https:\/\/event.ml-eu.com\/index.php\/author\/a-rudd\/"},"uagb_comment_info":0,"uagb_excerpt":"Portrait de S\u00e9bastien Husser, joueur et co-organisateur du Tournoi International Exhibition de Padel-Fauteuil \ud83e\udde1 : S\u00e9bastien Husser d\u00e9bute le tennis \u00e0 l\u2019\u00e2ge de 6 ans et n\u2019a jamais arr\u00eat\u00e9 malgr\u00e9 son accident qui le rendra parapl\u00e9gique \u00e0 20 ans. Il atteint la 15\u00e8me place mondiale et est aujourd\u2019hui le 5\u00e8me joueur fran\u00e7ais ! En 2014\u2026","_links":{"self":[{"href":"https:\/\/event.ml-eu.com\/index.php\/wp-json\/wp\/v2\/pages\/2766"}],"collection":[{"href":"https:\/\/event.ml-eu.com\/index.php\/wp-json\/wp\/v2\/pages"}],"about":[{"href":"https:\/\/event.ml-eu.com\/index.php\/wp-json\/wp\/v2\/types\/page"}],"author":[{"embeddable":true,"href":"https:\/\/event.ml-eu.com\/index.php\/wp-json\/wp\/v2\/users\/3"}],"replies":[{"embeddable":true,"href":"https:\/\/event.ml-eu.com\/index.php\/wp-json\/wp\/v2\/comments?post=2766"}],"version-history":[{"count":39,"href":"https:\/\/event.ml-eu.com\/index.php\/wp-json\/wp\/v2\/pages\/2766\/revisions"}],"predecessor-version":[{"id":3056,"href":"https:\/\/event.ml-eu.com\/index.php\/wp-json\/wp\/v2\/pages\/2766\/revisions\/3056"}],"wp:attachment":[{"href":"https:\/\/event.ml-eu.com\/index.php\/wp-json\/wp\/v2\/media?parent=2766"}],"curies":[{"name":"wp","href":"https:\/\/api.w.org\/{rel}","templated":true}]}}