{"id":2764,"date":"2023-01-17T15:24:59","date_gmt":"2023-01-17T15:24:59","guid":{"rendered":"https:\/\/event.ml-eu.com\/?page_id=2764"},"modified":"2023-06-02T08:44:22","modified_gmt":"2023-06-02T08:44:22","slug":"ils-parlent-de-nous","status":"publish","type":"page","link":"https:\/\/event.ml-eu.com\/index.php\/ils-parlent-de-nous\/","title":{"rendered":"Ils parlent de nous"},"content":{"rendered":"\n<div class=\"wp-block-uagb-advanced-heading uagb-block-feaaf78c\"><h2 class=\"uagb-heading-text\">EN 2023<\/h2><\/div>\n\n\n\n<div style=\"height:56px\" aria-hidden=\"true\" class=\"wp-block-spacer\"><\/div>\n\n\n\n<div class=\"inherit-container-width wp-container-5 wp-block-group has-border-color has-ast-global-color-0-border-color has-ast-global-color-4-background-color has-background\" style=\"border-radius:33px;border-width:10px\"><div class=\"wp-block-group__inner-container\">\n<div style=\"height:34px\" aria-hidden=\"true\" class=\"wp-block-spacer\"><\/div>\n\n\n\n<figure class=\"wp-block-image size-full is-resized\"><img loading=\"lazy\" src=\"https:\/\/event.ml-eu.com\/wp-content\/uploads\/2023\/04\/telecharger.png\" alt=\"\" class=\"wp-image-3285\" width=\"182\" height=\"93\" srcset=\"https:\/\/event.ml-eu.com\/wp-content\/uploads\/2023\/04\/telecharger.png 314w, https:\/\/event.ml-eu.com\/wp-content\/uploads\/2023\/04\/telecharger-300x153.png 300w\" sizes=\"(max-width: 182px) 100vw, 182px\" \/><\/figure>\n\n\n\n<div class=\"wp-container-4 wp-block-columns\">\n<div class=\"wp-container-1 wp-block-column\">\n<figure class=\"wp-block-video\"><video controls src=\"https:\/\/event.ml-eu.com\/wp-content\/uploads\/2023\/04\/IMG_0.mov\"><\/video><figcaption>Source : MYTVCHAIN<\/figcaption><\/figure>\n<\/div>\n\n\n\n<div class=\"wp-container-3 wp-block-column\">\n<p class=\"has-ast-global-color-2-color has-text-color\"><strong>Le 31 mars 2023, S\u00e9bastien Husser, co-organisateur du tournoi, \u00e0 \u00e9t\u00e9 invit\u00e9 sur le plateau du \u00ab\u00a06 \u00e0 7 ouvert \u00e0 tous\u00a0\u00bb sur C8 pr\u00e9sent\u00e9 par Deplhine Wespiser et Cyril Hanouna pour parler de padel-fauteuil.<\/strong><\/p>\n\n\n\n<div class=\"wp-container-2 wp-block-buttons\">\n<div class=\"wp-block-button is-style-outline\"><a class=\"wp-block-button__link has-ast-global-color-4-color has-ast-global-color-0-background-color has-text-color has-background\" href=\"https:\/\/www.dailymotion.com\/video\/x8jn5u8\" style=\"border-radius:100px\" target=\"_blank\" rel=\"noreferrer noopener\">Regarder la suite<\/a><\/div>\n<\/div>\n<\/div>\n<\/div>\n\n\n\n<div style=\"height:34px\" aria-hidden=\"true\" class=\"wp-block-spacer\"><\/div>\n<\/div><\/div>\n\n\n\n<div class=\"wp-container-11 wp-block-columns\">\n<div class=\"wp-container-10 wp-block-column\">\n<div style=\"height:0px\" aria-hidden=\"true\" class=\"wp-block-spacer\"><\/div>\n\n\n\n<div class=\"wp-container-7 wp-block-columns has-border-color has-ast-global-color-0-border-color\" style=\"border-radius:48px;border-width:10px\">\n<div class=\"wp-container-6 wp-block-column\">\n<div style=\"height:14px\" aria-hidden=\"true\" class=\"wp-block-spacer\"><\/div>\n\n\n\n<figure class=\"wp-block-image size-full is-resized\"><img loading=\"lazy\" src=\"https:\/\/event.ml-eu.com\/wp-content\/uploads\/2023\/01\/Capture-removebg-preview-1.png\" alt=\"\" class=\"wp-image-2829\" width=\"230\" height=\"77\" srcset=\"https:\/\/event.ml-eu.com\/wp-content\/uploads\/2023\/01\/Capture-removebg-preview-1.png 523w, https:\/\/event.ml-eu.com\/wp-content\/uploads\/2023\/01\/Capture-removebg-preview-1-300x102.png 300w\" sizes=\"(max-width: 230px) 100vw, 230px\" \/><\/figure>\n\n\n\n<p class=\"has-text-align-center\"><a href=\"https:\/\/padelmagazine.fr\/casa-padel-accueille-le-tournoi-international-exhibition-de-padel-fauteuil-2023\/\">Casa Padel accueille le Tournoi International exhibition de Padel Fauteuil 2023 | Padel Magazine<\/a><\/p>\n\n\n\n<p class=\"has-text-align-center\"><a href=\"https:\/\/padelmagazine.fr\/melissa-martin-et-cyril-hanouna-en-padel-fauteuil-a-casa-padel\/\">M\u00e9lissa Martin et Cyril Hanouna en padel-fauteuil \u00e0 Casa Padel ?! | Padel Magazine<\/a><\/p>\n\n\n\n<p class=\"has-text-align-center\"><a href=\"https:\/\/padelmagazine.fr\/hanouna-et-martin-invites-du-tournoi-international-exhibition-de-padel-fauteuil-2023-de-casa-padel\/\">Hanouna et Martin, invit\u00e9s du Tournoi international exhibition de padel-fauteuil de Casa Padel | Padel Magazine<\/a><\/p>\n<\/div>\n<\/div>\n\n\n\n<div style=\"height:70px\" aria-hidden=\"true\" class=\"wp-block-spacer\"><\/div>\n\n\n\n<div class=\"wp-container-9 wp-block-columns\">\n<div class=\"wp-container-8 wp-block-column\">\n<div class=\"wp-block-uagb-advanced-heading uagb-block-de70cd38\"><h2 class=\"uagb-heading-text\">EN 2022<\/h2><\/div>\n<\/div>\n<\/div>\n<\/div>\n<\/div>\n\n\n\n<div class=\"inherit-container-width wp-container-16 wp-block-group has-border-color has-ast-global-color-0-border-color has-ast-global-color-4-background-color has-background\" style=\"border-radius:33px;border-width:10px\"><div class=\"wp-block-group__inner-container\">\n<div style=\"height:34px\" aria-hidden=\"true\" class=\"wp-block-spacer\"><\/div>\n\n\n\n<figure class=\"wp-block-image size-full is-resized\"><img loading=\"lazy\" src=\"https:\/\/event.ml-eu.com\/wp-content\/uploads\/2023\/01\/sef.png\" alt=\"\" class=\"wp-image-2899\" width=\"287\" height=\"38\" srcset=\"https:\/\/event.ml-eu.com\/wp-content\/uploads\/2023\/01\/sef.png 600w, https:\/\/event.ml-eu.com\/wp-content\/uploads\/2023\/01\/sef-300x40.png 300w\" sizes=\"(max-width: 287px) 100vw, 287px\" \/><\/figure>\n\n\n\n<div class=\"wp-container-15 wp-block-columns\">\n<div class=\"wp-container-12 wp-block-column\">\n<figure class=\"wp-block-video\"><video controls src=\"https:\/\/event.ml-eu.com\/wp-content\/uploads\/2023\/01\/309294840_191151290035301_6698159132361426688_n.mp4\"><\/video><figcaption>Source : MYTVCHAIN<\/figcaption><\/figure>\n<\/div>\n\n\n\n<div class=\"wp-container-14 wp-block-column\">\n<p class=\"has-ast-global-color-2-color has-text-color\"><strong>\u00ab\u00a0Dans ce num\u00e9ro d&rsquo;A vos marques, Maxime Brami \u00e9voque le Padel fauteuil avec ses invit\u00e9s. Tr\u00e8s populaire en Espagne, ce sport se d\u00e9veloppe en France gr\u00e2ce \u00e0 des initiatives comme celles du premier tournoi international qui a eu lieu au Mans en ao\u00fbt 2022. Retour sur cette comp\u00e9tition et \u00e9tat des lieux de la pratique en France en compagnie de S\u00e9bastien Husser-Walther et Albane Rudd (co-organisateurs) ainsi que les joueurs Nicolas Vanlerberghe, Dorian Navarro et Aitor Elord<\/strong>\u00ab\u00a0<\/p>\n\n\n\n<div class=\"wp-container-13 wp-block-buttons\">\n<div class=\"wp-block-button is-style-outline\"><a class=\"wp-block-button__link has-ast-global-color-4-color has-ast-global-color-0-background-color has-text-color has-background\" href=\"https:\/\/mytvchain.com\/video.php?vID=31442\" style=\"border-radius:100px\">Regarder la suite<\/a><\/div>\n<\/div>\n<\/div>\n<\/div>\n\n\n\n<div style=\"height:34px\" aria-hidden=\"true\" class=\"wp-block-spacer\"><\/div>\n<\/div><\/div>\n\n\n\n<div style=\"height:48px\" aria-hidden=\"true\" class=\"wp-block-spacer\"><\/div>\n\n\n\n<div style=\"height:14px\" aria-hidden=\"true\" class=\"wp-block-spacer\"><\/div>\n\n\n\n<div class=\"wp-container-19 wp-block-columns has-border-color has-ast-global-color-0-border-color\" style=\"border-radius:48px;border-width:10px\">\n<div class=\"wp-container-17 wp-block-column\">\n<div style=\"height:14px\" aria-hidden=\"true\" class=\"wp-block-spacer\"><\/div>\n\n\n\n<figure class=\"wp-block-image size-full is-resized\"><img loading=\"lazy\" src=\"https:\/\/event.ml-eu.com\/wp-content\/uploads\/2023\/01\/Logo_LMtv_Sarthe_2022-removebg-preview.png\" alt=\"\" class=\"wp-image-2912\" width=\"102\" height=\"98\" srcset=\"https:\/\/event.ml-eu.com\/wp-content\/uploads\/2023\/01\/Logo_LMtv_Sarthe_2022-removebg-preview.png 506w, https:\/\/event.ml-eu.com\/wp-content\/uploads\/2023\/01\/Logo_LMtv_Sarthe_2022-removebg-preview-300x292.png 300w\" sizes=\"(max-width: 102px) 100vw, 102px\" \/><\/figure>\n\n\n\n<figure class=\"wp-block-embed is-type-video is-provider-youtube wp-block-embed-youtube wp-embed-aspect-16-9 wp-has-aspect-ratio\"><div class=\"wp-block-embed__wrapper\">\n<div class=\"ast-oembed-container\" style=\"height: 100%;\"><iframe loading=\"lazy\" title=\"L&#039;infiltr\u00e9 du dimanche - Le Mans tournoi de handi-padel (31.08.2022 - Partie 2)\" width=\"500\" height=\"281\" src=\"https:\/\/www.youtube.com\/embed\/tHvW-Q3392g?feature=oembed\" frameborder=\"0\" allow=\"accelerometer; autoplay; clipboard-write; encrypted-media; gyroscope; picture-in-picture; web-share\" allowfullscreen><\/iframe><\/div>\n<\/div><\/figure>\n\n\n\n<div style=\"height:35px\" aria-hidden=\"true\" class=\"wp-block-spacer\"><\/div>\n<\/div>\n\n\n\n<div class=\"wp-container-18 wp-block-column\">\n<div style=\"height:141px\" aria-hidden=\"true\" class=\"wp-block-spacer\"><\/div>\n\n\n\n<figure class=\"wp-block-embed is-type-video is-provider-youtube wp-block-embed-youtube wp-embed-aspect-16-9 wp-has-aspect-ratio\"><div class=\"wp-block-embed__wrapper\">\n<div class=\"ast-oembed-container\" style=\"height: 100%;\"><iframe loading=\"lazy\" title=\"Padel-fauteuil : le premier tournoi international a lieu au Mans\" width=\"500\" height=\"281\" src=\"https:\/\/www.youtube.com\/embed\/59ngERj6IVs?feature=oembed\" frameborder=\"0\" allow=\"accelerometer; autoplay; clipboard-write; encrypted-media; gyroscope; picture-in-picture; web-share\" allowfullscreen><\/iframe><\/div>\n<\/div><\/figure>\n<\/div>\n<\/div>\n\n\n\n<div style=\"height:83px\" aria-hidden=\"true\" class=\"wp-block-spacer\"><\/div>\n\n\n\n<div class=\"inherit-container-width wp-container-20 wp-block-group has-border-color has-ast-global-color-0-border-color has-ast-global-color-4-background-color has-background\" style=\"border-radius:33px;border-width:10px\"><div class=\"wp-block-group__inner-container\">\n<div style=\"height:34px\" aria-hidden=\"true\" class=\"wp-block-spacer\"><\/div>\n\n\n\n<div style=\"height:9px\" aria-hidden=\"true\" class=\"wp-block-spacer\"><\/div>\n\n\n\n<figure class=\"wp-block-image size-large is-resized\"><img loading=\"lazy\" src=\"https:\/\/event.ml-eu.com\/wp-content\/uploads\/2023\/01\/Logo_beIN_SPORTS_MAX-e1674052505557-1024x222.png\" alt=\"\" class=\"wp-image-2896\" width=\"295\" height=\"63\" srcset=\"https:\/\/event.ml-eu.com\/wp-content\/uploads\/2023\/01\/Logo_beIN_SPORTS_MAX-e1674052505557-1024x222.png 1024w, https:\/\/event.ml-eu.com\/wp-content\/uploads\/2023\/01\/Logo_beIN_SPORTS_MAX-e1674052505557-300x65.png 300w, https:\/\/event.ml-eu.com\/wp-content\/uploads\/2023\/01\/Logo_beIN_SPORTS_MAX-e1674052505557-768x167.png 768w, https:\/\/event.ml-eu.com\/wp-content\/uploads\/2023\/01\/Logo_beIN_SPORTS_MAX-e1674052505557.png 1443w\" sizes=\"(max-width: 295px) 100vw, 295px\" \/><\/figure>\n\n\n\n<figure class=\"wp-block-audio\"><audio controls src=\"https:\/\/event.ml-eu.com\/wp-content\/uploads\/2023\/01\/audiobeiinsport.mp3\"><\/audio><\/figure>\n\n\n\n<div style=\"height:34px\" aria-hidden=\"true\" class=\"wp-block-spacer\"><\/div>\n<\/div><\/div>\n\n\n\n<div class=\"wp-container-24 wp-block-columns\">\n<div class=\"wp-container-23 wp-block-column\">\n<div class=\"wp-container-22 wp-block-columns\">\n<div class=\"wp-container-21 wp-block-column\"><\/div>\n<\/div>\n<\/div>\n<\/div>\n\n\n\n<div style=\"height:48px\" aria-hidden=\"true\" class=\"wp-block-spacer\"><\/div>\n\n\n\n<div style=\"height:56px\" aria-hidden=\"true\" class=\"wp-block-spacer\"><\/div>\n\n\n\n<div class=\"inherit-container-width wp-container-25 wp-block-group has-border-color has-ast-global-color-0-border-color has-ast-global-color-4-background-color has-background\" style=\"border-radius:33px;border-width:10px\"><div class=\"wp-block-group__inner-container\">\n<div style=\"height:2px\" aria-hidden=\"true\" class=\"wp-block-spacer\"><\/div>\n\n\n\n<div style=\"height:24px\" aria-hidden=\"true\" class=\"wp-block-spacer\"><\/div>\n\n\n\n<figure class=\"wp-block-image alignleft size-full is-resized\"><img loading=\"lazy\" src=\"https:\/\/event.ml-eu.com\/wp-content\/uploads\/2023\/01\/France_Bleu_Maine_2021.svg.png\" alt=\"\" class=\"wp-image-2920\" width=\"117\" height=\"117\" srcset=\"https:\/\/event.ml-eu.com\/wp-content\/uploads\/2023\/01\/France_Bleu_Maine_2021.svg.png 500w, https:\/\/event.ml-eu.com\/wp-content\/uploads\/2023\/01\/France_Bleu_Maine_2021.svg-300x300.png 300w, https:\/\/event.ml-eu.com\/wp-content\/uploads\/2023\/01\/France_Bleu_Maine_2021.svg-150x150.png 150w\" sizes=\"(max-width: 117px) 100vw, 117px\" \/><\/figure>\n\n\n\n<div style=\"height:15px\" aria-hidden=\"true\" class=\"wp-block-spacer\"><\/div>\n\n\n\n<figure class=\"wp-block-audio\"><audio controls src=\"https:\/\/event.ml-eu.com\/wp-content\/uploads\/2023\/01\/Les-27-et-28-aout-a-lieu-le-Tournoi-Exhibition-solidaire-de-Padel-Fauteuil-au-Mans-tout-ca-dans-un-tout-nouveau-lieu-qui-viendra-douvrir-ses-portes-Urban-village-un-complexe-dactivites-sportives-e.mp3\"><\/audio><\/figure>\n\n\n\n<div style=\"height:34px\" aria-hidden=\"true\" class=\"wp-block-spacer\"><\/div>\n<\/div><\/div>\n\n\n\n<div style=\"height:20px\" aria-hidden=\"true\" class=\"wp-block-spacer\"><\/div>\n\n\n\n<div style=\"height:48px\" aria-hidden=\"true\" class=\"wp-block-spacer\"><\/div>\n\n\n\n<div style=\"height:56px\" aria-hidden=\"true\" class=\"wp-block-spacer\"><\/div>\n\n\n\n<div class=\"inherit-container-width wp-container-26 wp-block-group has-border-color has-ast-global-color-0-border-color has-ast-global-color-4-background-color has-background\" style=\"border-radius:33px;border-width:10px\"><div class=\"wp-block-group__inner-container\">\n<div style=\"height:2px\" aria-hidden=\"true\" class=\"wp-block-spacer\"><\/div>\n\n\n\n<div style=\"height:16px\" aria-hidden=\"true\" class=\"wp-block-spacer\"><\/div>\n\n\n\n<figure class=\"wp-block-image size-full is-resized\"><img loading=\"lazy\" src=\"https:\/\/event.ml-eu.com\/wp-content\/uploads\/2023\/01\/Capture-removebg-preview-1.png\" alt=\"\" class=\"wp-image-2829\" width=\"257\" height=\"87\" srcset=\"https:\/\/event.ml-eu.com\/wp-content\/uploads\/2023\/01\/Capture-removebg-preview-1.png 523w, https:\/\/event.ml-eu.com\/wp-content\/uploads\/2023\/01\/Capture-removebg-preview-1-300x102.png 300w\" sizes=\"(max-width: 257px) 100vw, 257px\" \/><\/figure>\n\n\n<a class=\"wp-block-read-more\" href=\"https:\/\/event.ml-eu.com\/index.php\/ils-parlent-de-nous\/\" target=\"_self\"><a href=\"https:\/\/padelmagazine.fr\/un-tournoi-international-exhibition-de-padel-fauteuil-au-mans\/\">Un tournoi international exhibition de padel-fauteuil au Mans ! (padelmagazine.fr)<\/a><\/a>\n\n<a class=\"wp-block-read-more\" href=\"https:\/\/event.ml-eu.com\/index.php\/ils-parlent-de-nous\/\" target=\"_self\"><a href=\"https:\/\/padelmagazine.fr\/inaki-ramperez-fier-de-participer-au-tournoi-international-du-mans\/\">I\u00f1aki Ramperez :\u201dFier de participer au tournoi international du Mans\u201d (padelmagazine.fr)<\/a><\/a>\n\n<a class=\"wp-block-read-more\" href=\"https:\/\/event.ml-eu.com\/index.php\/ils-parlent-de-nous\/\" target=\"_self\"><a href=\"https:\/\/padelmagazine.fr\/robin-ammerlaan-un-champion-olympique-au-mans\/\">Robin Ammerlaan, un champion olympique au Mans ! | Padel Mag (padelmagazine.fr)<\/a><\/a>\n\n<a class=\"wp-block-read-more\" href=\"https:\/\/event.ml-eu.com\/index.php\/ils-parlent-de-nous\/\" target=\"_self\"><a href=\"https:\/\/padelmagazine.fr\/casa-padel-accueille-le-tournoi-international-exhibition-de-padel-fauteuil-2023\/\">Casa Padel accueille le Tournoi International exhibition de Padel Fauteuil 2023 | Padel Magazine<\/a><\/a>\n\n\n<div style=\"height:16px\" aria-hidden=\"true\" class=\"wp-block-spacer\"><\/div>\n<\/div><\/div>\n\n\n\n<div style=\"height:83px\" aria-hidden=\"true\" class=\"wp-block-spacer\"><\/div>\n\n\n\n<div class=\"inherit-container-width wp-container-27 wp-block-group has-border-color has-ast-global-color-0-border-color has-ast-global-color-4-background-color has-background\" style=\"border-radius:33px;border-width:10px\"><div class=\"wp-block-group__inner-container\">\n<div style=\"height:2px\" aria-hidden=\"true\" class=\"wp-block-spacer\"><\/div>\n\n\n\n<div style=\"height:16px\" aria-hidden=\"true\" class=\"wp-block-spacer\"><\/div>\n\n\n\n<figure class=\"wp-block-image size-large is-resized\"><img loading=\"lazy\" src=\"https:\/\/event.ml-eu.com\/wp-content\/uploads\/2023\/01\/1200px-Logo_Ouest-France.svg-1024x345.png\" alt=\"\" class=\"wp-image-2947\" width=\"202\" height=\"67\" srcset=\"https:\/\/event.ml-eu.com\/wp-content\/uploads\/2023\/01\/1200px-Logo_Ouest-France.svg-1024x345.png 1024w, https:\/\/event.ml-eu.com\/wp-content\/uploads\/2023\/01\/1200px-Logo_Ouest-France.svg-300x101.png 300w, https:\/\/event.ml-eu.com\/wp-content\/uploads\/2023\/01\/1200px-Logo_Ouest-France.svg-768x259.png 768w, https:\/\/event.ml-eu.com\/wp-content\/uploads\/2023\/01\/1200px-Logo_Ouest-France.svg.png 1200w\" sizes=\"(max-width: 202px) 100vw, 202px\" \/><\/figure>\n\n\n<a class=\"wp-block-read-more\" href=\"https:\/\/event.ml-eu.com\/index.php\/ils-parlent-de-nous\/\" target=\"_self\"><a href=\"https:\/\/www.ouest-france.fr\/sport\/padel\/handisport-padel-le-gratin-du-padel-fauteuil-s-invite-au-mans-fb0ddefe-0a70-11ed-8bcf-ca7f431dbdc4\">Handisport \u2013 Padel. Le gratin du padel-fauteuil s\u2019invite au Mans (ouest-france.fr)<\/a><\/a>\n\n<a class=\"wp-block-read-more\" href=\"https:\/\/event.ml-eu.com\/index.php\/ils-parlent-de-nous\/\" target=\"_self\"><a href=\"https:\/\/www.ouest-france.fr\/pays-de-la-loire\/le-mans-72000\/le-mans-l-elite-du-padel-fauteuil-en-tournoi-international-les-27-et-28-aout-2022-550c4058-22ea-11ed-8661-a88a5b97efaf\">Le Mans. L\u2019\u00e9lite du padel-fauteuil en tournoi international, les 27 et 28\u00a0ao\u00fbt 2022 (ouest-france.fr)<\/a><\/a>\n\n\n<div style=\"height:16px\" aria-hidden=\"true\" class=\"wp-block-spacer\"><\/div>\n<\/div><\/div>\n\n\n\n<div style=\"height:83px\" aria-hidden=\"true\" class=\"wp-block-spacer\"><\/div>\n\n\n\n<div class=\"inherit-container-width wp-container-28 wp-block-group has-border-color has-ast-global-color-0-border-color has-ast-global-color-4-background-color has-background\" style=\"border-radius:33px;border-width:10px\"><div class=\"wp-block-group__inner-container\">\n<div style=\"height:2px\" aria-hidden=\"true\" class=\"wp-block-spacer\"><\/div>\n\n\n\n<div style=\"height:16px\" aria-hidden=\"true\" class=\"wp-block-spacer\"><\/div>\n\n\n\n<figure class=\"wp-block-image size-full is-resized\"><img loading=\"lazy\" src=\"https:\/\/event.ml-eu.com\/wp-content\/uploads\/2023\/01\/handirect.png\" alt=\"\" class=\"wp-image-2958\" width=\"249\" height=\"151\"\/><\/figure>\n\n\n<a class=\"wp-block-read-more\" href=\"https:\/\/event.ml-eu.com\/index.php\/ils-parlent-de-nous\/\" target=\"_self\"><a href=\"https:\/\/handirect.fr\/un-tournoi-de-padel-fauteuil-va-rassembler-le-top-mondial-au-mans\/\">Un tournoi de padel-fauteuil va rassembler le top mondial au Mans (handirect.fr)<\/a><\/a>\n\n\n<div style=\"height:16px\" aria-hidden=\"true\" class=\"wp-block-spacer\"><\/div>\n<\/div><\/div>\n\n\n\n<div style=\"height:83px\" aria-hidden=\"true\" class=\"wp-block-spacer\"><\/div>\n\n\n\n<div class=\"inherit-container-width wp-container-32 wp-block-group has-border-color has-ast-global-color-0-border-color has-ast-global-color-4-background-color has-background\" style=\"border-radius:33px;border-width:10px\"><div class=\"wp-block-group__inner-container\">\n<div style=\"height:2px\" aria-hidden=\"true\" class=\"wp-block-spacer\"><\/div>\n\n\n\n<div style=\"height:16px\" aria-hidden=\"true\" class=\"wp-block-spacer\"><\/div>\n\n\n\n<figure class=\"wp-block-image size-large is-resized\"><img loading=\"lazy\" src=\"https:\/\/event.ml-eu.com\/wp-content\/uploads\/2023\/02\/637f89f734473bb1ea954335_logo-noir-1024x332.png\" alt=\"\" class=\"wp-image-3152\" width=\"259\" height=\"84\" srcset=\"https:\/\/event.ml-eu.com\/wp-content\/uploads\/2023\/02\/637f89f734473bb1ea954335_logo-noir-1024x332.png 1024w, https:\/\/event.ml-eu.com\/wp-content\/uploads\/2023\/02\/637f89f734473bb1ea954335_logo-noir-300x97.png 300w, https:\/\/event.ml-eu.com\/wp-content\/uploads\/2023\/02\/637f89f734473bb1ea954335_logo-noir-768x249.png 768w, https:\/\/event.ml-eu.com\/wp-content\/uploads\/2023\/02\/637f89f734473bb1ea954335_logo-noir-1536x497.png 1536w, https:\/\/event.ml-eu.com\/wp-content\/uploads\/2023\/02\/637f89f734473bb1ea954335_logo-noir-2048x663.png 2048w\" sizes=\"(max-width: 259px) 100vw, 259px\" \/><\/figure>\n\n\n\n<div style=\"height:14px\" aria-hidden=\"true\" class=\"wp-block-spacer\"><\/div>\n\n\n<a class=\"wp-block-read-more\" href=\"https:\/\/event.ml-eu.com\/index.php\/ils-parlent-de-nous\/\" target=\"_self\">https:\/\/www.linkedin.com\/posts\/missing-link-sport_padel-padelfauteuil-event-activity-7029392449693265921-3KLN?utm_source=share&amp;utm_medium=member_desktop<\/a>\n\n\n<div class=\"wp-container-31 wp-block-columns\">\n<div class=\"wp-container-29 wp-block-column\">\n<figure class=\"wp-block-image size-large\"><img loading=\"lazy\" width=\"724\" height=\"1024\" src=\"https:\/\/event.ml-eu.com\/wp-content\/uploads\/2023\/02\/instinct-padel-article_page-0001-724x1024.jpg\" alt=\"\" class=\"wp-image-3153\" srcset=\"https:\/\/event.ml-eu.com\/wp-content\/uploads\/2023\/02\/instinct-padel-article_page-0001-724x1024.jpg 724w, https:\/\/event.ml-eu.com\/wp-content\/uploads\/2023\/02\/instinct-padel-article_page-0001-212x300.jpg 212w, https:\/\/event.ml-eu.com\/wp-content\/uploads\/2023\/02\/instinct-padel-article_page-0001-768x1086.jpg 768w, https:\/\/event.ml-eu.com\/wp-content\/uploads\/2023\/02\/instinct-padel-article_page-0001-1087x1536.jpg 1087w, https:\/\/event.ml-eu.com\/wp-content\/uploads\/2023\/02\/instinct-padel-article_page-0001.jpg 1240w\" sizes=\"(max-width: 724px) 100vw, 724px\" \/><\/figure>\n<\/div>\n\n\n\n<div class=\"wp-container-30 wp-block-column\">\n<figure class=\"wp-block-image size-large\"><img loading=\"lazy\" width=\"724\" height=\"1024\" src=\"https:\/\/event.ml-eu.com\/wp-content\/uploads\/2023\/02\/instinct-padel-article_page-0002-724x1024.jpg\" alt=\"\" class=\"wp-image-3154\" srcset=\"https:\/\/event.ml-eu.com\/wp-content\/uploads\/2023\/02\/instinct-padel-article_page-0002-724x1024.jpg 724w, https:\/\/event.ml-eu.com\/wp-content\/uploads\/2023\/02\/instinct-padel-article_page-0002-212x300.jpg 212w, https:\/\/event.ml-eu.com\/wp-content\/uploads\/2023\/02\/instinct-padel-article_page-0002-768x1086.jpg 768w, https:\/\/event.ml-eu.com\/wp-content\/uploads\/2023\/02\/instinct-padel-article_page-0002-1087x1536.jpg 1087w, https:\/\/event.ml-eu.com\/wp-content\/uploads\/2023\/02\/instinct-padel-article_page-0002.jpg 1240w\" sizes=\"(max-width: 724px) 100vw, 724px\" \/><\/figure>\n<\/div>\n<\/div>\n\n\n\n<div style=\"height:16px\" aria-hidden=\"true\" class=\"wp-block-spacer\"><\/div>\n<\/div><\/div>\n\n\n\n<div style=\"height:83px\" aria-hidden=\"true\" class=\"wp-block-spacer\"><\/div>\n\n\n\n<div class=\"inherit-container-width wp-container-36 wp-block-group has-border-color has-ast-global-color-0-border-color has-ast-global-color-4-background-color has-background\" style=\"border-radius:33px;border-width:10px\"><div class=\"wp-block-group__inner-container\">\n<div style=\"height:2px\" aria-hidden=\"true\" class=\"wp-block-spacer\"><\/div>\n\n\n\n<div style=\"height:16px\" aria-hidden=\"true\" class=\"wp-block-spacer\"><\/div>\n\n\n\n<figure class=\"wp-block-image size-full is-resized\"><img loading=\"lazy\" src=\"https:\/\/event.ml-eu.com\/wp-content\/uploads\/2023\/02\/telecharger-1.png\" alt=\"\" class=\"wp-image-3158\" width=\"212\" height=\"57\"\/><\/figure>\n\n\n<a class=\"wp-block-read-more\" href=\"https:\/\/event.ml-eu.com\/index.php\/ils-parlent-de-nous\/\" target=\"_self\"><a href=\"https:\/\/cloud.3dissue.net\/39568\/39451\/39863\/87033\/index.html?72402\">The Bandeja Issue 2 (3dissue.net)<\/a><\/a>\n\n\n<div class=\"wp-container-35 wp-block-columns\">\n<div class=\"wp-container-33 wp-block-column\">\n<figure class=\"wp-block-image size-full\"><img loading=\"lazy\" width=\"639\" height=\"902\" src=\"https:\/\/event.ml-eu.com\/wp-content\/uploads\/2023\/02\/bandeja-1.jpg\" alt=\"\" class=\"wp-image-3159\" srcset=\"https:\/\/event.ml-eu.com\/wp-content\/uploads\/2023\/02\/bandeja-1.jpg 639w, https:\/\/event.ml-eu.com\/wp-content\/uploads\/2023\/02\/bandeja-1-213x300.jpg 213w\" sizes=\"(max-width: 639px) 100vw, 639px\" \/><\/figure>\n<\/div>\n\n\n\n<div class=\"wp-container-34 wp-block-column\">\n<figure class=\"wp-block-image size-full\"><img loading=\"lazy\" width=\"639\" height=\"877\" src=\"https:\/\/event.ml-eu.com\/wp-content\/uploads\/2023\/02\/bandeja-2.jpg\" alt=\"\" class=\"wp-image-3160\" srcset=\"https:\/\/event.ml-eu.com\/wp-content\/uploads\/2023\/02\/bandeja-2.jpg 639w, https:\/\/event.ml-eu.com\/wp-content\/uploads\/2023\/02\/bandeja-2-219x300.jpg 219w\" sizes=\"(max-width: 639px) 100vw, 639px\" \/><\/figure>\n<\/div>\n<\/div>\n\n\n\n<div style=\"height:16px\" aria-hidden=\"true\" class=\"wp-block-spacer\"><\/div>\n<\/div><\/div>\n\n\n\n<div style=\"height:49px\" aria-hidden=\"true\" class=\"wp-block-spacer\"><\/div>\n\n\n\n<ul class=\"wp-container-37 is-content-justification-center wp-block-social-links has-large-icon-size has-visible-labels has-icon-color has-icon-background-color is-style-pill-shape\"><li style=\"color: var(--ast-global-color-4); background-color: var(--ast-global-color-1); \" class=\"wp-social-link wp-social-link-instagram wp-block-social-link\"><a href=\"https:\/\/www.instagram.com\/missinglinksport\/\" rel=\"noopener nofollow\" target=\"_blank\" class=\"wp-block-social-link-anchor\"><svg width=\"24\" height=\"24\" viewBox=\"0 0 24 24\" version=\"1.1\" xmlns=\"http:\/\/www.w3.org\/2000\/svg\" aria-hidden=\"true\" focusable=\"false\"><path d=\"M12,4.622c2.403,0,2.688,0.009,3.637,0.052c0.877,0.04,1.354,0.187,1.671,0.31c0.42,0.163,0.72,0.358,1.035,0.673 c0.315,0.315,0.51,0.615,0.673,1.035c0.123,0.317,0.27,0.794,0.31,1.671c0.043,0.949,0.052,1.234,0.052,3.637 s-0.009,2.688-0.052,3.637c-0.04,0.877-0.187,1.354-0.31,1.671c-0.163,0.42-0.358,0.72-0.673,1.035 c-0.315,0.315-0.615,0.51-1.035,0.673c-0.317,0.123-0.794,0.27-1.671,0.31c-0.949,0.043-1.233,0.052-3.637,0.052 s-2.688-0.009-3.637-0.052c-0.877-0.04-1.354-0.187-1.671-0.31c-0.42-0.163-0.72-0.358-1.035-0.673 c-0.315-0.315-0.51-0.615-0.673-1.035c-0.123-0.317-0.27-0.794-0.31-1.671C4.631,14.688,4.622,14.403,4.622,12 s0.009-2.688,0.052-3.637c0.04-0.877,0.187-1.354,0.31-1.671c0.163-0.42,0.358-0.72,0.673-1.035 c0.315-0.315,0.615-0.51,1.035-0.673c0.317-0.123,0.794-0.27,1.671-0.31C9.312,4.631,9.597,4.622,12,4.622 M12,3 C9.556,3,9.249,3.01,8.289,3.054C7.331,3.098,6.677,3.25,6.105,3.472C5.513,3.702,5.011,4.01,4.511,4.511 c-0.5,0.5-0.808,1.002-1.038,1.594C3.25,6.677,3.098,7.331,3.054,8.289C3.01,9.249,3,9.556,3,12c0,2.444,0.01,2.751,0.054,3.711 c0.044,0.958,0.196,1.612,0.418,2.185c0.23,0.592,0.538,1.094,1.038,1.594c0.5,0.5,1.002,0.808,1.594,1.038 c0.572,0.222,1.227,0.375,2.185,0.418C9.249,20.99,9.556,21,12,21s2.751-0.01,3.711-0.054c0.958-0.044,1.612-0.196,2.185-0.418 c0.592-0.23,1.094-0.538,1.594-1.038c0.5-0.5,0.808-1.002,1.038-1.594c0.222-0.572,0.375-1.227,0.418-2.185 C20.99,14.751,21,14.444,21,12s-0.01-2.751-0.054-3.711c-0.044-0.958-0.196-1.612-0.418-2.185c-0.23-0.592-0.538-1.094-1.038-1.594 c-0.5-0.5-1.002-0.808-1.594-1.038c-0.572-0.222-1.227-0.375-2.185-0.418C14.751,3.01,14.444,3,12,3L12,3z M12,7.378 c-2.552,0-4.622,2.069-4.622,4.622S9.448,16.622,12,16.622s4.622-2.069,4.622-4.622S14.552,7.378,12,7.378z M12,15 c-1.657,0-3-1.343-3-3s1.343-3,3-3s3,1.343,3,3S13.657,15,12,15z M16.804,6.116c-0.596,0-1.08,0.484-1.08,1.08 s0.484,1.08,1.08,1.08c0.596,0,1.08-0.484,1.08-1.08S17.401,6.116,16.804,6.116z\"><\/path><\/svg><span class=\"wp-block-social-link-label\">Instagram<\/span><\/a><\/li>\n\n<li style=\"color: var(--ast-global-color-4); background-color: var(--ast-global-color-1); \" class=\"wp-social-link wp-social-link-linkedin wp-block-social-link\"><a href=\"https:\/\/www.linkedin.com\/company\/missing-link-sport\/\" rel=\"noopener nofollow\" target=\"_blank\" class=\"wp-block-social-link-anchor\"><svg width=\"24\" height=\"24\" viewBox=\"0 0 24 24\" version=\"1.1\" xmlns=\"http:\/\/www.w3.org\/2000\/svg\" aria-hidden=\"true\" focusable=\"false\"><path d=\"M19.7,3H4.3C3.582,3,3,3.582,3,4.3v15.4C3,20.418,3.582,21,4.3,21h15.4c0.718,0,1.3-0.582,1.3-1.3V4.3 C21,3.582,20.418,3,19.7,3z M8.339,18.338H5.667v-8.59h2.672V18.338z M7.004,8.574c-0.857,0-1.549-0.694-1.549-1.548 c0-0.855,0.691-1.548,1.549-1.548c0.854,0,1.547,0.694,1.547,1.548C8.551,7.881,7.858,8.574,7.004,8.574z M18.339,18.338h-2.669 v-4.177c0-0.996-0.017-2.278-1.387-2.278c-1.389,0-1.601,1.086-1.601,2.206v4.249h-2.667v-8.59h2.559v1.174h0.037 c0.356-0.675,1.227-1.387,2.526-1.387c2.703,0,3.203,1.779,3.203,4.092V18.338z\"><\/path><\/svg><span class=\"wp-block-social-link-label\">LinkedIn<\/span><\/a><\/li><\/ul>\n","protected":false},"excerpt":{"rendered":"<p>Le 31 mars 2023, S\u00e9bastien Husser, co-organisateur du tournoi, \u00e0 \u00e9t\u00e9 invit\u00e9 sur le plateau du \u00ab\u00a06 \u00e0 7 ouvert \u00e0 tous\u00a0\u00bb sur C8 pr\u00e9sent\u00e9 par Deplhine Wespiser et Cyril Hanouna pour parler de padel-fauteuil. Casa Padel accueille le Tournoi International exhibition de Padel Fauteuil 2023 | Padel Magazine M\u00e9lissa Martin et Cyril Hanouna en &hellip;<\/p>\n<p class=\"read-more\"> <a class=\"\" href=\"https:\/\/event.ml-eu.com\/index.php\/ils-parlent-de-nous\/\"> <span class=\"screen-reader-text\">Ils parlent de nous<\/span> Lire la suite\u00a0\u00bb<\/a><\/p>\n","protected":false},"author":3,"featured_media":0,"parent":0,"menu_order":0,"comment_status":"closed","ping_status":"closed","template":"","meta":{"_eb_attr":"","om_disable_all_campaigns":false,"_uag_custom_page_level_css":"","_monsterinsights_skip_tracking":false,"_monsterinsights_sitenote_active":false,"_monsterinsights_sitenote_note":"","_monsterinsights_sitenote_category":0,"site-sidebar-layout":"default","site-content-layout":"default","ast-global-header-display":"","ast-main-header-display":"","ast-hfb-above-header-display":"","ast-hfb-below-header-display":"","ast-hfb-mobile-header-display":"","site-post-title":"disabled","ast-breadcrumbs-content":"","ast-featured-img":"","footer-sml-layout":"","theme-transparent-header-meta":"","adv-header-id-meta":"","stick-header-meta":"","header-above-stick-meta":"","header-main-stick-meta":"","header-below-stick-meta":""},"aioseo_notices":[],"uagb_featured_image_src":{"full":false,"thumbnail":false,"medium":false,"medium_large":false,"large":false,"1536x1536":false,"2048x2048":false},"uagb_author_info":{"display_name":"Albane Rudd","author_link":"https:\/\/event.ml-eu.com\/index.php\/author\/a-rudd\/"},"uagb_comment_info":0,"uagb_excerpt":"Le 31 mars 2023, S\u00e9bastien Husser, co-organisateur du tournoi, \u00e0 \u00e9t\u00e9 invit\u00e9 sur le plateau du \u00ab\u00a06 \u00e0 7 ouvert \u00e0 tous\u00a0\u00bb sur C8 pr\u00e9sent\u00e9 par Deplhine Wespiser et Cyril Hanouna pour parler de padel-fauteuil. Casa Padel accueille le Tournoi International exhibition de Padel Fauteuil 2023 | Padel Magazine M\u00e9lissa Martin et Cyril Hanouna en\u2026","_links":{"self":[{"href":"https:\/\/event.ml-eu.com\/index.php\/wp-json\/wp\/v2\/pages\/2764"}],"collection":[{"href":"https:\/\/event.ml-eu.com\/index.php\/wp-json\/wp\/v2\/pages"}],"about":[{"href":"https:\/\/event.ml-eu.com\/index.php\/wp-json\/wp\/v2\/types\/page"}],"author":[{"embeddable":true,"href":"https:\/\/event.ml-eu.com\/index.php\/wp-json\/wp\/v2\/users\/3"}],"replies":[{"embeddable":true,"href":"https:\/\/event.ml-eu.com\/index.php\/wp-json\/wp\/v2\/comments?post=2764"}],"version-history":[{"count":60,"href":"https:\/\/event.ml-eu.com\/index.php\/wp-json\/wp\/v2\/pages\/2764\/revisions"}],"predecessor-version":[{"id":3507,"href":"https:\/\/event.ml-eu.com\/index.php\/wp-json\/wp\/v2\/pages\/2764\/revisions\/3507"}],"wp:attachment":[{"href":"https:\/\/event.ml-eu.com\/index.php\/wp-json\/wp\/v2\/media?parent=2764"}],"curies":[{"name":"wp","href":"https:\/\/api.w.org\/{rel}","templated":true}]}}